{"id":698,"date":"2020-04-14T11:41:55","date_gmt":"2020-04-14T09:41:55","guid":{"rendered":"https:\/\/bacheca.uniroma3.it\/hpat\/?page_id=698"},"modified":"2020-10-15T13:12:35","modified_gmt":"2020-10-15T11:12:35","slug":"events","status":"publish","type":"page","link":"https:\/\/bacheca.uniroma3.it\/hpat\/hegel-now\/international-events\/hegel-now-in-spain\/events\/","title":{"rendered":"Events"},"content":{"rendered":"\n<h1 class=\"wp-block-heading\">Hegel Now in Spain<\/h1>\n\n\n\n<p><\/p>\n\n\n\n<figure class=\"wp-block-image size-large\"><img loading=\"lazy\" decoding=\"async\" width=\"810\" height=\"456\" src=\"https:\/\/bacheca.uniroma3.it\/hpat\/wp-content\/uploads\/sites\/3\/2020\/10\/Amanecer-Claudio-Lorena-810x456_c.jpg\" alt=\"\" class=\"wp-image-922\" srcset=\"https:\/\/bacheca.uniroma3.it\/hpat\/wp-content\/uploads\/sites\/3\/2020\/10\/Amanecer-Claudio-Lorena-810x456_c.jpg 810w, https:\/\/bacheca.uniroma3.it\/hpat\/wp-content\/uploads\/sites\/3\/2020\/10\/Amanecer-Claudio-Lorena-810x456_c-300x169.jpg 300w, https:\/\/bacheca.uniroma3.it\/hpat\/wp-content\/uploads\/sites\/3\/2020\/10\/Amanecer-Claudio-Lorena-810x456_c-768x432.jpg 768w, https:\/\/bacheca.uniroma3.it\/hpat\/wp-content\/uploads\/sites\/3\/2020\/10\/Amanecer-Claudio-Lorena-810x456_c-150x84.jpg 150w\" sizes=\"auto, (max-width: 810px) 100vw, 810px\" \/><\/figure>\n\n\n\n<p><strong>Seminario<\/strong>: La est\u00e9tica del esp\u00edritu. Hegel y los otros<\/p>\n\n\n\n<p>When: 17\/11\/2020 <\/p>\n\n\n\n<p>Link: <a href=\"https:\/\/www.circulobellasartes.com\/talleres\/seminario-estetica-espiritu-hegel-otros\/\">web site<\/a><\/p>\n\n\n\n<figure class=\"wp-block-image size-large\"><img loading=\"lazy\" decoding=\"async\" width=\"810\" height=\"456\" src=\"https:\/\/bacheca.uniroma3.it\/hpat\/wp-content\/uploads\/sites\/3\/2020\/10\/kv_LiSo_2_03-810x456_c.jpg\" alt=\"\" class=\"wp-image-923\" srcset=\"https:\/\/bacheca.uniroma3.it\/hpat\/wp-content\/uploads\/sites\/3\/2020\/10\/kv_LiSo_2_03-810x456_c.jpg 810w, https:\/\/bacheca.uniroma3.it\/hpat\/wp-content\/uploads\/sites\/3\/2020\/10\/kv_LiSo_2_03-810x456_c-300x169.jpg 300w, https:\/\/bacheca.uniroma3.it\/hpat\/wp-content\/uploads\/sites\/3\/2020\/10\/kv_LiSo_2_03-810x456_c-768x432.jpg 768w, https:\/\/bacheca.uniroma3.it\/hpat\/wp-content\/uploads\/sites\/3\/2020\/10\/kv_LiSo_2_03-810x456_c-150x84.jpg 150w\" sizes=\"auto, (max-width: 810px) 100vw, 810px\" \/><\/figure>\n\n\n\n<p><strong>Congreso Internacional<\/strong>: Una amistad estelar. Hegel y H\u00f6lderlin 1770-2020<\/p>\n\n\n\n<p>When: 16-18\/12\/2020<\/p>\n\n\n\n<p>Link: <a href=\"https:\/\/www.circulobellasartes.com\/humanidades\/amistad-estelar-hegel-holderlin\/\">web site<\/a><\/p>\n\n\n\n<figure class=\"wp-block-image\"><img loading=\"lazy\" decoding=\"async\" width=\"220\" height=\"220\" src=\"https:\/\/bacheca.uniroma3.it\/hpat\/wp-content\/uploads\/sites\/3\/2020\/03\/HegelNowInSpain.png\" alt=\"\" class=\"wp-image-578\" srcset=\"https:\/\/bacheca.uniroma3.it\/hpat\/wp-content\/uploads\/sites\/3\/2020\/03\/HegelNowInSpain.png 220w, https:\/\/bacheca.uniroma3.it\/hpat\/wp-content\/uploads\/sites\/3\/2020\/03\/HegelNowInSpain-150x150.png 150w\" sizes=\"auto, (max-width: 220px) 100vw, 220px\" \/><\/figure>\n\n\n\n<p><strong>Conversaci\u00f3n<\/strong>&nbsp;entre Vincenzo Vitiello y F\u00e9lix Duque \u201c<em>Jes\u00fas deb\u00eda morir. En los m\u00e1rgenes de los escritos de juventud de Hegel<\/em>\u201c.<\/p>\n\n\n\n<p>When:&nbsp;<strong>22 Maggio 2020<\/strong><br>Event organizer: Prof. Dr. Valerio Rocco Lozano<br>Profesor del Departamento de Filosof\u00eda, Universidad Aut\u00f3noma de Madrid<br>Director del C\u00edrculo de Bellas Artes<br>Where: C\u00edrculo de Bellas Artes de Madrid<br>Link:&nbsp;<a href=\"https:\/\/www.circulobellasartes.com\/humanidades\/jesus-debia-morir-margenes-escritos-juventud-hegel\/\">web site<\/a><\/p>\n","protected":false},"excerpt":{"rendered":"<p>Hegel Now in Spain Seminario: La est\u00e9tica del esp\u00edritu. Hegel y los otros When: 17\/11\/2020 Link: web site When: 16-18\/12\/2020 Link: web site Conversaci\u00f3n&nbsp;entre Vincenzo Vitiello y F\u00e9lix Duque \u201cJes\u00fas deb\u00eda morir. En los m\u00e1rgenes de los escritos de juventud de Hegel\u201c. When:&nbsp;22 Maggio 2020Event organizer: Prof. Dr. Valerio Rocco&#8230;<\/p>\n<p class=\"continue-reading-button\"> <a class=\"continue-reading-link\" href=\"https:\/\/bacheca.uniroma3.it\/hpat\/hegel-now\/international-events\/hegel-now-in-spain\/events\/\">Continue reading<i class=\"crycon-right-dir\"><\/i><\/a><\/p>\n","protected":false},"author":6,"featured_media":0,"parent":535,"menu_order":0,"comment_status":"closed","ping_status":"closed","template":"","meta":{"footnotes":""},"class_list":["post-698","page","type-page","status-publish","hentry"],"_links":{"self":[{"href":"https:\/\/bacheca.uniroma3.it\/hpat\/wp-json\/wp\/v2\/pages\/698","targetHints":{"allow":["GET"]}}],"collection":[{"href":"https:\/\/bacheca.uniroma3.it\/hpat\/wp-json\/wp\/v2\/pages"}],"about":[{"href":"https:\/\/bacheca.uniroma3.it\/hpat\/wp-json\/wp\/v2\/types\/page"}],"author":[{"embeddable":true,"href":"https:\/\/bacheca.uniroma3.it\/hpat\/wp-json\/wp\/v2\/users\/6"}],"replies":[{"embeddable":true,"href":"https:\/\/bacheca.uniroma3.it\/hpat\/wp-json\/wp\/v2\/comments?post=698"}],"version-history":[{"count":3,"href":"https:\/\/bacheca.uniroma3.it\/hpat\/wp-json\/wp\/v2\/pages\/698\/revisions"}],"predecessor-version":[{"id":925,"href":"https:\/\/bacheca.uniroma3.it\/hpat\/wp-json\/wp\/v2\/pages\/698\/revisions\/925"}],"up":[{"embeddable":true,"href":"https:\/\/bacheca.uniroma3.it\/hpat\/wp-json\/wp\/v2\/pages\/535"}],"wp:attachment":[{"href":"https:\/\/bacheca.uniroma3.it\/hpat\/wp-json\/wp\/v2\/media?parent=698"}],"curies":[{"name":"wp","href":"https:\/\/api.w.org\/{rel}","templated":true}]}}